{"id":36,"date":"2016-07-11T20:21:01","date_gmt":"2016-07-11T20:21:01","guid":{"rendered":"http:\/\/buecherei-bernkastel-wehlen.de\/?page_id=36"},"modified":"2016-10-07T22:33:10","modified_gmt":"2016-10-07T22:33:10","slug":"ueber","status":"publish","type":"page","link":"https:\/\/buecherei-bernkastel-wehlen.de\/?page_id=36","title":{"rendered":"\u00dcber uns"},"content":{"rendered":"<blockquote>\n<h3>Wir zeigen Ihnen unsere besten Seiten !!!!<\/h3>\n<\/blockquote>\n<h3><\/h3>\n<h3>Ihre B\u00fccherei stellt sich vor:<\/h3>\n<p>Bereits seit vielen Jahren gab es in der Pfarrgemeinde St. Agatha Wehlen eine Katholische B\u00fccherei, fr\u00fcher &#8222;Borrom\u00e4usb\u00fccherei&#8220; genannt, in der Generationen von Lesern ihren Lesehunger stillen konnten. Trotz regen Zuspruchs kam es aber leider immer wieder zu Zeiten, in denen der B\u00fcchereibetrieb nicht aufrecht erhalten werden konnte, oft dadurch bedingt, dass es aus verschiedenen Gr\u00fcnden den engagierten Helfern nicht mehr m\u00f6glich war, ihrer ehrenamtlichen Arbeit in der B\u00fccherei nachzugehen.<\/p>\n<p>Zuletzt sank die B\u00fccherei Ende der 90er Jahre wieder in einen Dornr\u00f6schenschlaf, aus dem sie dann aber am 30.10.2011 von einigen unverbesserlichen B\u00fccherfreundinnen erweckt wurde. Sie hatten es sich zum Ziel gesetzt, trotz aller Unkenrufe auch in unserer Zeit und auch in unserem Dorf die B\u00fccher &#8222;in die Wohnzimmer der Leute zu schmuggeln&#8220; wie es die Schriftstellerin Anna Enquist einmal ausgedr\u00fcckt hat.<br \/>\nIhren Bem\u00fchungen war ein beeindruckender Erfolg beschieden, der sie immer wieder freut und sie motiviert, sich unerm\u00fcdlich weiter mit gro\u00dfem Einsatz der B\u00fcchereiarbeit zu widmen. Besonderer Wert wird dabei auf Aktualit\u00e4t und Qualit\u00e4t des Angebotes gelegt. Neben dem &#8222;Tagesgesch\u00e4ft&#8220; organisiert das Team der B\u00fccherei Buchausstellungen mit Bestellm\u00f6glichkeit, Lesungen, Besuche von Schulklassen und B\u00fccherflohm\u00e4rkte.<\/p>\n<p>Die K\u00f6B St. Agatha Wehlen verf\u00fcgt heute \u00fcber ca. 3.200 Medien.<\/p>\n<p><a href=\"https:\/\/buecherei-bernkastel-wehlen.de\/wp-content\/uploads\/2016\/07\/2770_small-1.jpg\" target=\"_blank\"><img loading=\"lazy\" decoding=\"async\" class=\"alignnone wp-image-156\" src=\"https:\/\/buecherei-bernkastel-wehlen.de\/wp-content\/uploads\/2016\/07\/2770_small-1-300x225.jpg\" width=\"450\" height=\"338\" srcset=\"https:\/\/buecherei-bernkastel-wehlen.de\/wp-content\/uploads\/2016\/07\/2770_small-1-300x225.jpg 300w, https:\/\/buecherei-bernkastel-wehlen.de\/wp-content\/uploads\/2016\/07\/2770_small-1-768x576.jpg 768w, https:\/\/buecherei-bernkastel-wehlen.de\/wp-content\/uploads\/2016\/07\/2770_small-1-700x525.jpg 700w, https:\/\/buecherei-bernkastel-wehlen.de\/wp-content\/uploads\/2016\/07\/2770_small-1-800x600.jpg 800w, https:\/\/buecherei-bernkastel-wehlen.de\/wp-content\/uploads\/2016\/07\/2770_small-1-80x60.jpg 80w, https:\/\/buecherei-bernkastel-wehlen.de\/wp-content\/uploads\/2016\/07\/2770_small-1.jpg 1200w\" sizes=\"auto, (max-width: 450px) 100vw, 450px\" \/><\/a><\/p>\n<p><a href=\"https:\/\/buecherei-bernkastel-wehlen.de\/wp-content\/uploads\/2016\/07\/2769_small-1.jpg\" target=\"_blank\"><img loading=\"lazy\" decoding=\"async\" class=\"alignleft wp-image-158\" src=\"https:\/\/buecherei-bernkastel-wehlen.de\/wp-content\/uploads\/2016\/07\/2769_small-1-300x225.jpg\" width=\"450\" height=\"338\" srcset=\"https:\/\/buecherei-bernkastel-wehlen.de\/wp-content\/uploads\/2016\/07\/2769_small-1-300x225.jpg 300w, https:\/\/buecherei-bernkastel-wehlen.de\/wp-content\/uploads\/2016\/07\/2769_small-1-768x576.jpg 768w, https:\/\/buecherei-bernkastel-wehlen.de\/wp-content\/uploads\/2016\/07\/2769_small-1-700x525.jpg 700w, https:\/\/buecherei-bernkastel-wehlen.de\/wp-content\/uploads\/2016\/07\/2769_small-1-800x600.jpg 800w, https:\/\/buecherei-bernkastel-wehlen.de\/wp-content\/uploads\/2016\/07\/2769_small-1-80x60.jpg 80w, https:\/\/buecherei-bernkastel-wehlen.de\/wp-content\/uploads\/2016\/07\/2769_small-1.jpg 1200w\" sizes=\"auto, (max-width: 450px) 100vw, 450px\" \/><\/a><\/p>\n<h3>Sie finden bei uns:<\/h3>\n<ul>\n<li>Aktuelle und klassische Bilderb\u00fccher, Erstleseb\u00fccher, Kinderb\u00fccher, Kindersachb\u00fccher und Jugendb\u00fccher<\/li>\n<li>&#8222;Herzliche&#8220; und spannende Romane, Krimis und Sachb\u00fccher f\u00fcr Erwachsene<\/li>\n<li>Ein gro\u00dfes Angebot an CDs und DVDs f\u00fcr Kinder<\/li>\n<li>Interessante H\u00f6rb\u00fccher und DVDs f\u00fcr Erwachsene<\/li>\n<\/ul>\n<p>Die Ausleihgeb\u00fchr betr\u00e4gt 0,20 Euro pro Medium f\u00fcr eine Ausleihzeit von 3 Wochen &#8211; Verl\u00e4ngerungen sind jederzeit m\u00f6glich.<\/p>\n<p><strong>Wir freuen uns \u00fcber jeden Besucher !<\/strong><\/p>\n<p>&nbsp;<\/p>\n<h3>Das Team der Katholischen \u00d6ffentlichen B\u00fccherei St. Agatha Wehlen<\/h3>\n<p><a href=\"https:\/\/buecherei-bernkastel-wehlen.de\/wp-content\/uploads\/2016\/07\/IMG_20160708_184311249_small.jpg\"><img loading=\"lazy\" decoding=\"async\" class=\"aligncenter wp-image-124\" src=\"https:\/\/buecherei-bernkastel-wehlen.de\/wp-content\/uploads\/2016\/07\/IMG_20160708_184311249_small-300x169.jpg\" alt=\"Team der K\u00f6B Wehlen\" width=\"496\" height=\"280\" srcset=\"https:\/\/buecherei-bernkastel-wehlen.de\/wp-content\/uploads\/2016\/07\/IMG_20160708_184311249_small-300x169.jpg 300w, https:\/\/buecherei-bernkastel-wehlen.de\/wp-content\/uploads\/2016\/07\/IMG_20160708_184311249_small-768x432.jpg 768w, https:\/\/buecherei-bernkastel-wehlen.de\/wp-content\/uploads\/2016\/07\/IMG_20160708_184311249_small-700x394.jpg 700w, https:\/\/buecherei-bernkastel-wehlen.de\/wp-content\/uploads\/2016\/07\/IMG_20160708_184311249_small-800x450.jpg 800w, https:\/\/buecherei-bernkastel-wehlen.de\/wp-content\/uploads\/2016\/07\/IMG_20160708_184311249_small.jpg 1200w\" sizes=\"auto, (max-width: 496px) 100vw, 496px\" \/><\/a><\/p>\n<p>Christiane Dillinger, Helena Ediger, Silke Kerpen, Ulrike Hoffmann, Ingrid Friedrich, Ruth Stanko, Nicole Weydert, Marita Dietz, Marion Simon<\/p>\n<p>&nbsp;<\/p>\n<p><strong>Die Arbeit in der K\u00f6B St. Agatha Wehlen wird ehrenamtlich geleistet.<\/strong><\/p>\n","protected":false},"excerpt":{"rendered":"<p>Wir zeigen Ihnen unsere besten Seiten !!!! Ihre B\u00fccherei stellt sich vor: Bereits seit vielen Jahren gab es in der Pfarrgemeinde St. Agatha Wehlen eine Katholische B\u00fccherei, fr\u00fcher &#8222;Borrom\u00e4usb\u00fccherei&#8220; genannt, in der Generationen von Lesern ihren Lesehunger stillen konnten. Trotz regen Zuspruchs kam es aber leider immer wieder zu Zeiten, in denen der B\u00fcchereibetrieb nicht&#8230;<\/p>\n","protected":false},"author":1,"featured_media":0,"parent":0,"menu_order":0,"comment_status":"closed","ping_status":"open","template":"","meta":{"footnotes":""},"class_list":["post-36","page","type-page","status-publish","hentry"],"_links":{"self":[{"href":"https:\/\/buecherei-bernkastel-wehlen.de\/index.php?rest_route=\/wp\/v2\/pages\/36","targetHints":{"allow":["GET"]}}],"collection":[{"href":"https:\/\/buecherei-bernkastel-wehlen.de\/index.php?rest_route=\/wp\/v2\/pages"}],"about":[{"href":"https:\/\/buecherei-bernkastel-wehlen.de\/index.php?rest_route=\/wp\/v2\/types\/page"}],"author":[{"embeddable":true,"href":"https:\/\/buecherei-bernkastel-wehlen.de\/index.php?rest_route=\/wp\/v2\/users\/1"}],"replies":[{"embeddable":true,"href":"https:\/\/buecherei-bernkastel-wehlen.de\/index.php?rest_route=%2Fwp%2Fv2%2Fcomments&post=36"}],"version-history":[{"count":18,"href":"https:\/\/buecherei-bernkastel-wehlen.de\/index.php?rest_route=\/wp\/v2\/pages\/36\/revisions"}],"predecessor-version":[{"id":160,"href":"https:\/\/buecherei-bernkastel-wehlen.de\/index.php?rest_route=\/wp\/v2\/pages\/36\/revisions\/160"}],"wp:attachment":[{"href":"https:\/\/buecherei-bernkastel-wehlen.de\/index.php?rest_route=%2Fwp%2Fv2%2Fmedia&parent=36"}],"curies":[{"name":"wp","href":"https:\/\/api.w.org\/{rel}","templated":true}]}}